{"id":9471,"date":"2023-11-13T18:40:05","date_gmt":"2023-11-13T15:40:05","guid":{"rendered":"https:\/\/alevbengulcabuk.com\/?page_id=9471"},"modified":"2023-11-13T20:39:55","modified_gmt":"2023-11-13T17:39:55","slug":"kvkk","status":"publish","type":"page","link":"https:\/\/alevbengulcabuk.com\/en\/kvkk\/","title":{"rendered":"K.V.K.K"},"content":{"rendered":"<p class=\"wp-block-paragraph\"><\/p>\n\n\n\n<p class=\"has-text-align-center wp-block-paragraph\"><strong>KL\u0130N\u0130K PS\u0130KOLOG ALEV BENG\u00dcL \u00c7ABUK<\/strong><\/p>\n\n\n\n<p class=\"has-text-align-center wp-block-paragraph\"><strong>K\u0130\u015e\u0130SEL VER\u0130LER\u0130N KORUNMASI VE \u0130\u015eLENMES\u0130&nbsp;GENEL AYDINLATMA METN\u0130<\/strong><\/p>\n\n\n\n<p class=\"wp-block-paragraph\"><\/p>\n\n\n\n<p class=\"wp-block-paragraph\"><\/p>\n\n\n\n<p class=\"wp-block-paragraph\"><strong>Veri Sorumlusu&nbsp;&nbsp;&nbsp;&nbsp;&nbsp;&nbsp;&nbsp;:&nbsp;Klinik Psikolog Alev Beng\u00fcl \u00c7ABUK<\/strong><\/p>\n\n\n\n<p class=\"wp-block-paragraph\">                                      Adres: info@alevbengulcabuk.com<\/p>\n\n\n\n<p class=\"wp-block-paragraph\"><strong>\u0130lgili Ki\u015fi&nbsp;&nbsp;&nbsp;&nbsp;&nbsp;&nbsp;&nbsp;&nbsp;&nbsp;&nbsp;&nbsp;&nbsp;&nbsp;&nbsp;&nbsp;&nbsp;&nbsp;&nbsp;&nbsp;&nbsp;:&nbsp;<\/strong>Dan\u0131\u015fan\/\u0130lgili Ki\u015fi<\/p>\n\n\n\n<p class=\"wp-block-paragraph\">Klinik Psikolog Alev Beng\u00fcl \u00c7ABUK<strong>&nbsp;<\/strong>(Veri Sorumlusu), 6698 say\u0131l\u0131 Ki\u015fisel Verilerin Korunmas\u0131 Kanunu (KVKK) ve ilgili sair mevzuat uyar\u0131nca, klinik psikolojik dan\u0131\u015fmanl\u0131k faaliyetine y\u00f6nelik olarak ofisinde ger\u00e7ekle\u015ftirilen \u00e7al\u0131\u015fmalar kapsam\u0131nda i\u015flenen ki\u015fisel veriler hakk\u0131nda dan\u0131\u015fan\/ilgili ki\u015fileri bilgilendirmek amac\u0131yla i\u015fbu ayd\u0131nlatma metnini haz\u0131rlam\u0131\u015ft\u0131r.&nbsp;&nbsp;<\/p>\n\n\n\n<p class=\"wp-block-paragraph\"><strong>\u0130\u015eLENEN K\u0130\u015e\u0130SEL VER\u0130LER VE ELDE ED\u0130LME Y\u00d6NTEMLER\u0130<\/strong><\/p>\n\n\n\n<p class=\"wp-block-paragraph\"><strong>\u00a0\u00a0\u00a0\u00a0<\/strong> Veri sorumlusu;\u00a0<\/p>\n\n\n\n<ol class=\"wp-block-list\" start=\"1\" style=\"list-style-type:lower-roman\">\n<li>Ki\u015fisel verileriniz kapsam\u0131nda, TC kimlik numaras\u0131, ad, soyad\u0131, imza, do\u011fum tarihi, adresi,&nbsp;&nbsp;telefon numaras\u0131, acil telefon numaras\u0131, medeni durumu, e\u011fitim durumu, referans, ba\u015fvuru nedeni evrak tarihi, elektronik posta adresi bilgilerini almaktad\u0131r.<\/li>\n\n\n\n<li>Hassas nitelikli ki\u015fisel verileriniz kapsam\u0131nda, dan\u0131\u015fmanl\u0131k konusu, ba\u015fvuru nedeni, tedavi\/tan\u0131\/dan\u0131\u015fmanl\u0131k konusu bilgilerini almaktad\u0131r.&nbsp;<\/li>\n<\/ol>\n\n\n\n<p class=\"wp-block-paragraph\">Ki\u015fisel veriler; telefon ve bas\u0131l\u0131 formlar arac\u0131l\u0131\u011f\u0131yla veri sorumlusu taraf\u0131ndan elde edilmektedir.&nbsp;<\/p>\n\n\n\n<p class=\"wp-block-paragraph\"><strong>K\u0130\u015e\u0130SEL VER\u0130LER\u0130N \u0130\u015eLENMES\u0130N\u0130N HUKUK\u0130 SEBEPLER\u0130<\/strong><\/p>\n\n\n\n<p class=\"wp-block-paragraph\">Klinik Psikolog Alev Beng\u00fcl \u00c7ABUK&nbsp;ki\u015fisel verileri, veri sorumlusu s\u0131fat\u0131yla yaln\u0131zca a\u015fa\u011f\u0131da a\u00e7\u0131klanan ama\u00e7 ve kapsam dahilinde, 1219 Say\u0131l\u0131 Tababet Ve \u015euabat\u0131 San&#8217;atlar\u0131n\u0131n Tarz\u0131 \u0130cras\u0131na Dair Kanun,&nbsp;3359 say\u0131l\u0131 Sa\u011fl\u0131k Hizmetleri Temel Kanunu, Ki\u015fisel Sa\u011fl\u0131k Verilerinin \u0130\u015flenmesi ve Mahremiyetinin Sa\u011flanmas\u0131 Hakk\u0131nda Y\u00f6netmelik, Ayakta Te\u015fhis ve Tedavi Yap\u0131lan \u00d6zel Sa\u011fl\u0131k Kurulu\u015flar\u0131 Hakk\u0131nda Y\u00f6netmelik, Sa\u011fl\u0131k Meslek Mensuplar\u0131 \u0130le Sa\u011fl\u0131k Hizmetlerinde \u00c7al\u0131\u015fan Di\u011fer Meslek Mensuplar\u0131n\u0131n \u0130\u015f Ve G\u00f6rev Tan\u0131mlar\u0131na Dair Y\u00f6netmelik T\u00fcrk Psikologlar Derne\u011fi Etik Y\u00f6netmeli\u011fi ve ilgili di\u011fer mevzuat h\u00fck\u00fcmlerinin,&nbsp;213 Vergi Usul Kanunu,&nbsp;6698 say\u0131l\u0131 Ki\u015fisel Verilerin Korunmas\u0131 Kanunu, Ki\u015fisel Sa\u011fl\u0131k Verileri Hakk\u0131nda Y\u00f6netmelik h\u00fck\u00fcmlerine uygun olarak i\u015flemektedir.<\/p>\n\n\n\n<p class=\"wp-block-paragraph\">Bu kapsamda hasta\/dan\u0131\u015fan ile veri sorumlusu aras\u0131ndaki s\u00f6zle\u015fmesel ili\u015fki ve dan\u0131\u015fan me\u015fru menfaatleri sebebiyle de veriler i\u015flenebilir.<\/p>\n\n\n\n<p class=\"wp-block-paragraph\"><strong>K\u0130\u015e\u0130SEL VER\u0130LER\u0130N \u0130\u015eLENME AMA\u00c7LARI<\/strong><\/p>\n\n\n\n<p class=\"wp-block-paragraph\"><strong>Veri sorumlusu taraf\u0131ndan K\u0130\u015e\u0130SEL VER\u0130LER kapsam\u0131nda toplanan verilerin i\u015flenme ama\u00e7lar\u0131 a\u015fa\u011f\u0131da s\u0131ralanm\u0131\u015ft\u0131r:&nbsp;<\/strong><\/p>\n\n\n\n<ul class=\"wp-block-list\">\n<li>Dan\u0131\u015fana\/Hastaya do\u011fru hitap edilebilmesi,&nbsp;<\/li>\n\n\n\n<li>Dan\u0131\u015fana\/Hastaya ile acil durumlarda ileti\u015fim kurulabilmesi,&nbsp;<\/li>\n\n\n\n<li>Randevular\u0131n belirlenmesi, randevu saatleri hakk\u0131nda bilgilendirme yap\u0131lmas\u0131, randevu takvimlerinin olu\u015fturulmas\u0131,<\/li>\n\n\n\n<li>Dan\u0131\u015fan\/Hasta hakk\u0131nda do\u011fru tan\u0131, dan\u0131\u015fmanl\u0131k, terapi yap\u0131labilmesi,<\/li>\n\n\n\n<li>Ofiste y\u00fcr\u00fct\u00fclen klinik psikologluk faaliyetlerinin ilgili mevzuata ve ofis politikalar\u0131na uygun olarak yerine getirilmesi ve bu do\u011frultuda klinik psikologluk faaliyetlerinin y\u00fcr\u00fct\u00fclmesi,<\/li>\n\n\n\n<li>Ofisin k\u0131sa, orta ve uzun vadede klinik psikoloji faaliyetine ili\u015fkin dan\u0131\u015fmanl\u0131k, terapi ve politikalar\u0131n\u0131n tespit edilmesi, planlanmas\u0131 ve uygulanmas\u0131,<\/li>\n\n\n\n<li>Ofisin idari faaliyetlerinin planlanmas\u0131 ve y\u00fcr\u00fct\u00fclmesi,&nbsp;<\/li>\n\n\n\n<li>Finans ve muhasebe i\u015flerinin y\u00fcr\u00fct\u00fclmesi,<\/li>\n<\/ul>\n\n\n\n<p class=\"wp-block-paragraph\">sebepleri ile s\u0131n\u0131rl\u0131 olarak tamamen veya k\u0131smen otomatik olan\/olmayan yollarla i\u015flenmektedir.<\/p>\n\n\n\n<p class=\"wp-block-paragraph\"><strong>Veri sorumlusu taraf\u0131ndan HASSAS N\u0130TEL\u0130KL\u0130 K\u0130\u015e\u0130SEL VER\u0130LER&nbsp;&nbsp;kapsam\u0131nda toplanan \u00f6zel nitelikli ki\u015fisel verilerin i\u015flenme ama\u00e7lar\u0131;<\/strong><\/p>\n\n\n\n<ul class=\"wp-block-list\">\n<li>Dan\u0131\u015fan\/Hastan\u0131n kllinik psikoloji konusundaki ihtiya\u00e7lar\u0131 tespit edilip Terapi\/Dan\u0131\u015fmanl\u0131k se\u00e7eneklerinin de\u011ferlendirilebilmesi,<\/li>\n\n\n\n<li>Terapi\/Dan\u0131\u015fmanl\u0131k tespiti s\u0131ras\u0131nda \u00e7\u0131kabilecek sorunlar\u0131 ve zararlar\u0131 \u00f6nleme,<\/li>\n\n\n\n<li>Terapi\/Dan\u0131\u015fmanl\u0131\u011fa devam edecek olan dan\u0131\u015fanlara\/hastalara uygun terapi ortam\u0131n\u0131n sa\u011flanmas\u0131 ve faaliyetin y\u00fcr\u00fctme<\/li>\n<\/ul>\n\n\n\n<p class=\"wp-block-paragraph\">sebepleri ile s\u0131n\u0131rl\u0131 olarak tamamen veya k\u0131smen otomatik olan\/olmayan yollarla i\u015flenmektedir.<\/p>\n\n\n\n<p class=\"wp-block-paragraph\"><strong>K\u0130\u015e\u0130SEL VER\u0130LER\u0130N YURT \u0130\u00c7\u0130NDEK\u0130 \u00dc\u00c7\u00dcNC\u00dc K\u0130\u015e\u0130LERLE PAYLA\u015eILMASI<\/strong><\/p>\n\n\n\n<p class=\"wp-block-paragraph\">Veri sorumlusu taraf\u0131ndan toplanan ki\u015fisel veriler; KVKK taraf\u0131ndan \u00f6ng\u00f6r\u00fclen temel ilkelere uygun olarak ve ki\u015fisel veri i\u015fleme \u015fartlar\u0131 ile ama\u00e7lar\u0131 dahilinde, muhasebeciye ve hukuki-cezai uyu\u015fmazl\u0131klar\u0131n ortaya \u00e7\u0131kmas\u0131 ile istisnai olarak; dan\u0131\u015fan\u0131n kendisine zarar verme niyeti\/plan\u0131, ba\u015fkas\u0131n\u0131n dan\u0131\u015fana zarar verme niyeti\/plan\u0131, dan\u0131\u015fan\u0131n bir ba\u015fkas\u0131na zarar verme niyeti\/plan\u0131 oldu\u011funun tespiti&nbsp;durumunda kanunen yetkili k\u0131l\u0131nm\u0131\u015f kamu kurum ve kurulu\u015flar\u0131na aktar\u0131labilmektedir.<\/p>\n\n\n\n<p class=\"wp-block-paragraph\">Ki\u015fisel veriler, yasal d\u00fczenlemeler kapsam\u0131nda, d\u00f6nemsel olarak veya talep \u00fczerine mevzuatta a\u00e7\u0131k\u00e7a yetkili k\u0131l\u0131nm\u0131\u015f mercilerle de payla\u015f\u0131labilir.&nbsp;<\/p>\n\n\n\n<p class=\"wp-block-paragraph\"><strong>VER\u0130 SAH\u0130B\u0130 \u0130LG\u0130L\u0130 K\u0130\u015e\u0130N\u0130N KVKK\u2019NIN 11. MADDES\u0130NDE SAYILAN HAKLARI<\/strong><\/p>\n\n\n\n<p class=\"wp-block-paragraph\">Herkes, veri sorumlusuna ba\u015fvurarak kendisiyle ilgili;<\/p>\n\n\n\n<ul class=\"wp-block-list\">\n<li>Ki\u015fisel veri i\u015flenip i\u015flenmedi\u011fini \u00f6\u011frenme,&nbsp;<\/li>\n\n\n\n<li>Ki\u015fisel verileri i\u015flenmi\u015fse buna ili\u015fkin bilgi talep etme,&nbsp;<\/li>\n\n\n\n<li>Ki\u015fisel verilerin i\u015flenme amac\u0131n\u0131 ve bunlar\u0131n amac\u0131na uygun kullan\u0131l\u0131p kullan\u0131lmad\u0131\u011f\u0131n\u0131 \u00f6\u011frenme,<\/li>\n\n\n\n<li>Yurt i\u00e7inde veya yurt d\u0131\u015f\u0131nda ki\u015fisel verilerin aktar\u0131ld\u0131\u011f\u0131 \u00fc\u00e7\u00fcnc\u00fc ki\u015fileri bilme,&nbsp;<\/li>\n\n\n\n<li>Ki\u015fisel verilerin eksik veya yanl\u0131\u015f i\u015flenmi\u015f olmas\u0131 h\u00e2linde bunlar\u0131n d\u00fczeltilmesini isteme,&nbsp;<\/li>\n\n\n\n<li>Ki\u015fisel verilerin silinmesini veya yok edilmesini isteme,&nbsp;<\/li>\n\n\n\n<li>\u0130\u015flenen verilerin m\u00fcnhas\u0131ran otomatik sistemler vas\u0131tas\u0131yla analiz edilmesi suretiyle ki\u015finin kendisi aleyhine bir sonucun ortaya \u00e7\u0131kmas\u0131na itiraz etme,&nbsp;<\/li>\n\n\n\n<li>Ki\u015fisel verilerin kanuna ayk\u0131r\u0131 olarak i\u015flenmesi sebebiyle zarara u\u011framas\u0131 h\u00e2linde zarar\u0131n giderilmesini talep etme, haklar\u0131na sahiptir.<\/li>\n<\/ul>\n\n\n\n<p class=\"wp-block-paragraph\"><strong>VER\u0130 SORUMLUSUNA BA\u015eVURU Y\u00d6NTEM\u0130<\/strong><\/p>\n\n\n\n<p class=\"wp-block-paragraph\">Yukar\u0131da s\u0131ralanan haklar\u0131n\u0131za y\u00f6nelik ba\u015fvurular\u0131n\u0131z\u0131&nbsp;<a href=\"mailto:info@alevbengulcabuk.com\">info@alevbengulcabuk.com<\/a>&nbsp;adresine elektronik posta g\u00f6ndererek veri sorumlusuna do\u011frudan iletebilirsiniz.<\/p>\n\n\n\n<p class=\"wp-block-paragraph\">Veri sorumlusu ba\u015fvuruda yer alan talepleri, talebin niteli\u011fine g\u00f6re en k\u0131sa s\u00fcrede ve en ge\u00e7 otuz g\u00fcn i\u00e7inde \u00fccretsiz olarak sonu\u00e7land\u0131r\u0131r. Ba\u015fvuru olumsuz de\u011ferlendirilirse gerek\u00e7eli ret sebebi de ba\u015fvuruda belirtilen elektronik posta adresine g\u00f6nderilecektir. Talep hakk\u0131ndaki i\u015flemin ayr\u0131ca bir maliyeti gerektirmesi h\u00e2linde, Ki\u015fisel Verileri Koruma Kurulu taraf\u0131ndan belirlenen tarifedeki \u00fccret al\u0131nacakt\u0131r.<\/p>","protected":false},"excerpt":{"rendered":"<p>KL\u0130N\u0130K PS\u0130KOLOG ALEV BENG\u00dcL \u00c7ABUK K\u0130\u015e\u0130SEL VER\u0130LER\u0130N KORUNMASI VE \u0130\u015eLENMES\u0130&nbsp;GENEL AYDINLATMA METN\u0130 Veri Sorumlusu&nbsp;&nbsp;&nbsp;&nbsp;&nbsp;&nbsp;&nbsp;:&nbsp;Klinik Psikolog Alev Beng\u00fcl \u00c7ABUK Adres: info@alevbengulcabuk.com<\/p>","protected":false},"author":240488679,"featured_media":0,"parent":0,"menu_order":0,"comment_status":"closed","ping_status":"closed","template":"","meta":{"_crdt_document":"","footnotes":""},"class_list":["post-9471","page","type-page","status-publish","hentry"],"yoast_head":"<!-- This site is optimized with the Yoast SEO plugin v27.4 - https:\/\/yoast.com\/product\/yoast-seo-wordpress\/ -->\n<title>K.V.K.K - Klinik Psikolog ve Psikoterapist Alev Beng\u00fcl \u00c7abuk<\/title>\n<meta name=\"robots\" content=\"index, follow, max-snippet:-1, max-image-preview:large, max-video-preview:-1\" \/>\n<link rel=\"canonical\" href=\"https:\/\/alevbengulcabuk.com\/en\/kvkk\/\" \/>\n<meta property=\"og:locale\" content=\"en_US\" \/>\n<meta property=\"og:type\" content=\"article\" \/>\n<meta property=\"og:title\" content=\"K.V.K.K - Klinik Psikolog ve Psikoterapist Alev Beng\u00fcl \u00c7abuk\" \/>\n<meta property=\"og:description\" content=\"KL\u0130N\u0130K PS\u0130KOLOG ALEV BENG\u00dcL \u00c7ABUK K\u0130\u015e\u0130SEL VER\u0130LER\u0130N KORUNMASI VE \u0130\u015eLENMES\u0130&nbsp;GENEL AYDINLATMA METN\u0130 Veri Sorumlusu&nbsp;&nbsp;&nbsp;&nbsp;&nbsp;&nbsp;&nbsp;:&nbsp;Klinik Psikolog Alev Beng\u00fcl \u00c7ABUK Adres: info@alevbengulcabuk.com\" \/>\n<meta property=\"og:url\" content=\"https:\/\/alevbengulcabuk.com\/en\/kvkk\/\" \/>\n<meta property=\"og:site_name\" content=\"Klinik Psikolog ve Psikoterapist Alev Beng\u00fcl \u00c7abuk\" \/>\n<meta property=\"article:modified_time\" content=\"2023-11-13T17:39:55+00:00\" \/>\n<meta property=\"og:image\" content=\"https:\/\/i0.wp.com\/alevbengulcabuk.com\/wp-content\/uploads\/2023\/11\/alevbengulcabuklogo.png?fit=2469%2C2601&ssl=1\" \/>\n\t<meta property=\"og:image:width\" content=\"2469\" \/>\n\t<meta property=\"og:image:height\" content=\"2601\" \/>\n\t<meta property=\"og:image:type\" content=\"image\/png\" \/>\n<meta name=\"twitter:card\" content=\"summary_large_image\" \/>\n<meta name=\"twitter:label1\" content=\"Est. reading time\" \/>\n\t<meta name=\"twitter:data1\" content=\"5 minutes\" \/>\n<script type=\"application\/ld+json\" class=\"yoast-schema-graph\">{\"@context\":\"https:\\\/\\\/schema.org\",\"@graph\":[{\"@type\":\"WebPage\",\"@id\":\"https:\\\/\\\/alevbengulcabuk.com\\\/kvkk\\\/\",\"url\":\"https:\\\/\\\/alevbengulcabuk.com\\\/kvkk\\\/\",\"name\":\"K.V.K.K - Klinik Psikolog ve Psikoterapist Alev Beng\u00fcl \u00c7abuk\",\"isPartOf\":{\"@id\":\"https:\\\/\\\/alevbengulcabuk.com\\\/#website\"},\"datePublished\":\"2023-11-13T15:40:05+00:00\",\"dateModified\":\"2023-11-13T17:39:55+00:00\",\"breadcrumb\":{\"@id\":\"https:\\\/\\\/alevbengulcabuk.com\\\/kvkk\\\/#breadcrumb\"},\"inLanguage\":\"en-US\",\"potentialAction\":[{\"@type\":\"ReadAction\",\"target\":[\"https:\\\/\\\/alevbengulcabuk.com\\\/kvkk\\\/\"]}]},{\"@type\":\"BreadcrumbList\",\"@id\":\"https:\\\/\\\/alevbengulcabuk.com\\\/kvkk\\\/#breadcrumb\",\"itemListElement\":[{\"@type\":\"ListItem\",\"position\":1,\"name\":\"Anasayfa\",\"item\":\"https:\\\/\\\/alevbengulcabuk.com\\\/\"},{\"@type\":\"ListItem\",\"position\":2,\"name\":\"K.V.K.K\"}]},{\"@type\":\"WebSite\",\"@id\":\"https:\\\/\\\/alevbengulcabuk.com\\\/#website\",\"url\":\"https:\\\/\\\/alevbengulcabuk.com\\\/\",\"name\":\"Klinik Psikolog ve Psikoterapist Alev Beng\u00fcl \u00c7abuk\",\"description\":\"\",\"publisher\":{\"@id\":\"https:\\\/\\\/alevbengulcabuk.com\\\/#\\\/schema\\\/person\\\/5e9a630eb5072cd10c0d80341ff009dd\"},\"potentialAction\":[{\"@type\":\"SearchAction\",\"target\":{\"@type\":\"EntryPoint\",\"urlTemplate\":\"https:\\\/\\\/alevbengulcabuk.com\\\/?s={search_term_string}\"},\"query-input\":{\"@type\":\"PropertyValueSpecification\",\"valueRequired\":true,\"valueName\":\"search_term_string\"}}],\"inLanguage\":\"en-US\"},{\"@type\":[\"Person\",\"Organization\"],\"@id\":\"https:\\\/\\\/alevbengulcabuk.com\\\/#\\\/schema\\\/person\\\/5e9a630eb5072cd10c0d80341ff009dd\",\"name\":\"Alev Beng\u00fcl \u00c7ABUK\",\"image\":{\"@type\":\"ImageObject\",\"inLanguage\":\"en-US\",\"@id\":\"https:\\\/\\\/alevbengulcabuk.com\\\/wp-content\\\/uploads\\\/2023\\\/11\\\/cropped-alevbengulcabuklogo.png\",\"url\":\"https:\\\/\\\/alevbengulcabuk.com\\\/wp-content\\\/uploads\\\/2023\\\/11\\\/cropped-alevbengulcabuklogo.png\",\"contentUrl\":\"https:\\\/\\\/alevbengulcabuk.com\\\/wp-content\\\/uploads\\\/2023\\\/11\\\/cropped-alevbengulcabuklogo.png\",\"width\":2469,\"height\":2468,\"caption\":\"Alev Beng\u00fcl \u00c7ABUK\"},\"logo\":{\"@id\":\"https:\\\/\\\/alevbengulcabuk.com\\\/wp-content\\\/uploads\\\/2023\\\/11\\\/cropped-alevbengulcabuklogo.png\"},\"sameAs\":[\"http:\\\/\\\/alevbengulcabuk.wordpress.com\"]}]}<\/script>\n<!-- \/ Yoast SEO plugin. -->","yoast_head_json":{"title":"K.V.K.K - Klinik Psikolog ve Psikoterapist Alev Beng\u00fcl \u00c7abuk","robots":{"index":"index","follow":"follow","max-snippet":"max-snippet:-1","max-image-preview":"max-image-preview:large","max-video-preview":"max-video-preview:-1"},"canonical":"https:\/\/alevbengulcabuk.com\/en\/kvkk\/","og_locale":"en_US","og_type":"article","og_title":"K.V.K.K - Klinik Psikolog ve Psikoterapist Alev Beng\u00fcl \u00c7abuk","og_description":"KL\u0130N\u0130K PS\u0130KOLOG ALEV BENG\u00dcL \u00c7ABUK K\u0130\u015e\u0130SEL VER\u0130LER\u0130N KORUNMASI VE \u0130\u015eLENMES\u0130&nbsp;GENEL AYDINLATMA METN\u0130 Veri Sorumlusu&nbsp;&nbsp;&nbsp;&nbsp;&nbsp;&nbsp;&nbsp;:&nbsp;Klinik Psikolog Alev Beng\u00fcl \u00c7ABUK Adres: info@alevbengulcabuk.com","og_url":"https:\/\/alevbengulcabuk.com\/en\/kvkk\/","og_site_name":"Klinik Psikolog ve Psikoterapist Alev Beng\u00fcl \u00c7abuk","article_modified_time":"2023-11-13T17:39:55+00:00","og_image":[{"width":2469,"height":2601,"url":"https:\/\/i0.wp.com\/alevbengulcabuk.com\/wp-content\/uploads\/2023\/11\/alevbengulcabuklogo.png?fit=2469%2C2601&ssl=1","type":"image\/png"}],"twitter_card":"summary_large_image","twitter_misc":{"Est. reading time":"5 minutes"},"schema":{"@context":"https:\/\/schema.org","@graph":[{"@type":"WebPage","@id":"https:\/\/alevbengulcabuk.com\/kvkk\/","url":"https:\/\/alevbengulcabuk.com\/kvkk\/","name":"K.V.K.K - Klinik Psikolog ve Psikoterapist Alev Beng\u00fcl \u00c7abuk","isPartOf":{"@id":"https:\/\/alevbengulcabuk.com\/#website"},"datePublished":"2023-11-13T15:40:05+00:00","dateModified":"2023-11-13T17:39:55+00:00","breadcrumb":{"@id":"https:\/\/alevbengulcabuk.com\/kvkk\/#breadcrumb"},"inLanguage":"en-US","potentialAction":[{"@type":"ReadAction","target":["https:\/\/alevbengulcabuk.com\/kvkk\/"]}]},{"@type":"BreadcrumbList","@id":"https:\/\/alevbengulcabuk.com\/kvkk\/#breadcrumb","itemListElement":[{"@type":"ListItem","position":1,"name":"Anasayfa","item":"https:\/\/alevbengulcabuk.com\/"},{"@type":"ListItem","position":2,"name":"K.V.K.K"}]},{"@type":"WebSite","@id":"https:\/\/alevbengulcabuk.com\/#website","url":"https:\/\/alevbengulcabuk.com\/","name":"Klinik Psikolog ve Psikoterapist Alev Beng\u00fcl \u00c7abuk","description":"","publisher":{"@id":"https:\/\/alevbengulcabuk.com\/#\/schema\/person\/5e9a630eb5072cd10c0d80341ff009dd"},"potentialAction":[{"@type":"SearchAction","target":{"@type":"EntryPoint","urlTemplate":"https:\/\/alevbengulcabuk.com\/?s={search_term_string}"},"query-input":{"@type":"PropertyValueSpecification","valueRequired":true,"valueName":"search_term_string"}}],"inLanguage":"en-US"},{"@type":["Person","Organization"],"@id":"https:\/\/alevbengulcabuk.com\/#\/schema\/person\/5e9a630eb5072cd10c0d80341ff009dd","name":"Alev Beng\u00fcl \u00c7ABUK","image":{"@type":"ImageObject","inLanguage":"en-US","@id":"https:\/\/alevbengulcabuk.com\/wp-content\/uploads\/2023\/11\/cropped-alevbengulcabuklogo.png","url":"https:\/\/alevbengulcabuk.com\/wp-content\/uploads\/2023\/11\/cropped-alevbengulcabuklogo.png","contentUrl":"https:\/\/alevbengulcabuk.com\/wp-content\/uploads\/2023\/11\/cropped-alevbengulcabuklogo.png","width":2469,"height":2468,"caption":"Alev Beng\u00fcl \u00c7ABUK"},"logo":{"@id":"https:\/\/alevbengulcabuk.com\/wp-content\/uploads\/2023\/11\/cropped-alevbengulcabuklogo.png"},"sameAs":["http:\/\/alevbengulcabuk.wordpress.com"]}]}},"jetpack_likes_enabled":true,"jetpack_sharing_enabled":true,"jetpack_shortlink":"https:\/\/wp.me\/Pf9Tbg-2sL","jetpack-related-posts":[],"_links":{"self":[{"href":"https:\/\/alevbengulcabuk.com\/en\/wp-json\/wp\/v2\/pages\/9471","targetHints":{"allow":["GET"]}}],"collection":[{"href":"https:\/\/alevbengulcabuk.com\/en\/wp-json\/wp\/v2\/pages"}],"about":[{"href":"https:\/\/alevbengulcabuk.com\/en\/wp-json\/wp\/v2\/types\/page"}],"author":[{"embeddable":true,"href":"https:\/\/alevbengulcabuk.com\/en\/wp-json\/wp\/v2\/users\/240488679"}],"replies":[{"embeddable":true,"href":"https:\/\/alevbengulcabuk.com\/en\/wp-json\/wp\/v2\/comments?post=9471"}],"version-history":[{"count":8,"href":"https:\/\/alevbengulcabuk.com\/en\/wp-json\/wp\/v2\/pages\/9471\/revisions"}],"predecessor-version":[{"id":9480,"href":"https:\/\/alevbengulcabuk.com\/en\/wp-json\/wp\/v2\/pages\/9471\/revisions\/9480"}],"wp:attachment":[{"href":"https:\/\/alevbengulcabuk.com\/en\/wp-json\/wp\/v2\/media?parent=9471"}],"curies":[{"name":"wp","href":"https:\/\/api.w.org\/{rel}","templated":true}]}}